{"id":2789,"date":"2018-09-18T19:48:51","date_gmt":"2018-09-18T17:48:51","guid":{"rendered":"http:\/\/www.snepfsu-aix.net\/aix\/?page_id=2789"},"modified":"2025-12-04T15:46:12","modified_gmt":"2025-12-04T14:46:12","slug":"indemnites-frais","status":"publish","type":"page","link":"https:\/\/www.snepfsu-aix.net\/aix\/metier\/indemnites-frais\/","title":{"rendered":"Indemnit\u00e9s, Frais"},"content":{"rendered":"\t\t<div data-elementor-type=\"wp-post\" data-elementor-id=\"2789\" class=\"elementor elementor-2789\" data-elementor-settings=\"[]\">\n\t\t\t\t\t\t<div class=\"elementor-inner\">\n\t\t\t\t\t\t\t<div class=\"elementor-section-wrap\">\n\t\t\t\t\t\t\t<section class=\"elementor-section elementor-top-section elementor-element elementor-element-22effd6 elementor-section-boxed elementor-section-height-default elementor-section-height-default\" data-id=\"22effd6\" data-element_type=\"section\">\n\t\t\t\t\t\t<div class=\"elementor-container elementor-column-gap-default\">\n\t\t\t\t\t\t\t<div class=\"elementor-row\">\n\t\t\t\t\t<div class=\"elementor-column elementor-col-33 elementor-top-column elementor-element elementor-element-1df6d5d\" data-id=\"1df6d5d\" data-element_type=\"column\">\n\t\t\t<div class=\"elementor-column-wrap elementor-element-populated\">\n\t\t\t\t\t\t\t<div class=\"elementor-widget-wrap\">\n\t\t\t\t\t\t<div class=\"elementor-element elementor-element-8e434da elementor-widget elementor-widget-heading\" data-id=\"8e434da\" data-element_type=\"widget\" data-widget_type=\"heading.default\">\n\t\t\t\t<div class=\"elementor-widget-container\">\n\t\t\t<h2 class=\"elementor-heading-title elementor-size-default\">Frais de d\u00e9placement<\/h2>\t\t<\/div>\n\t\t\t\t<\/div>\n\t\t\t\t<div class=\"elementor-element elementor-element-109a11e elementor-widget elementor-widget-image\" data-id=\"109a11e\" data-element_type=\"widget\" data-widget_type=\"image.default\">\n\t\t\t\t<div class=\"elementor-widget-container\">\n\t\t\t\t\t\t\t\t<div class=\"elementor-image\">\n\t\t\t\t\t\t\t\t\t\t\t\t<img loading=\"lazy\" decoding=\"async\" width=\"800\" height=\"671\" src=\"https:\/\/www.snepfsu-aix.net\/aix\/wp-content\/uploads\/2018\/09\/frais-d\u00e9placement-2019.jpg\" class=\"attachment-large size-large\" alt=\"\" srcset=\"https:\/\/www.snepfsu-aix.net\/aix\/wp-content\/uploads\/2018\/09\/frais-d\u00e9placement-2019.jpg 940w, https:\/\/www.snepfsu-aix.net\/aix\/wp-content\/uploads\/2018\/09\/frais-d\u00e9placement-2019-300x251.jpg 300w, https:\/\/www.snepfsu-aix.net\/aix\/wp-content\/uploads\/2018\/09\/frais-d\u00e9placement-2019-768x644.jpg 768w\" sizes=\"auto, (max-width: 800px) 100vw, 800px\" \/>\t\t\t\t\t\t\t\t\t\t\t\t\t\t<\/div>\n\t\t\t\t\t\t<\/div>\n\t\t\t\t<\/div>\n\t\t\t\t<div class=\"elementor-element elementor-element-71e33fd elementor-widget elementor-widget-text-editor\" data-id=\"71e33fd\" data-element_type=\"widget\" data-widget_type=\"text-editor.default\">\n\t\t\t\t<div class=\"elementor-widget-container\">\n\t\t\t\t\t\t\t\t<div class=\"elementor-text-editor elementor-clearfix\">\n\t\t\t\t<p>Modalit\u00e9s de prise en charge des frais de d\u00e9placement des personnels :<br \/>en situation de service partag\u00e9 \/ en situation de rattachement administratif<br \/>Ann\u00e9e scolaire 2025-2026 \u2013 Application Chorus-DT<\/p>\t\t\t\t\t<\/div>\n\t\t\t\t\t\t<\/div>\n\t\t\t\t<\/div>\n\t\t\t\t<div class=\"elementor-element elementor-element-5656ed6 elementor-align-center elementor-widget elementor-widget-button\" data-id=\"5656ed6\" data-element_type=\"widget\" data-widget_type=\"button.default\">\n\t\t\t\t<div class=\"elementor-widget-container\">\n\t\t\t\t\t<div class=\"elementor-button-wrapper\">\n\t\t\t<a href=\"https:\/\/bulacad.ac-aix-marseille.fr\/uploads\/BA\/BA1067\/PAFD1067-28.pdf?ts=1764858672\" class=\"elementor-button-link elementor-button elementor-size-sm\" role=\"button\">\n\t\t\t\t\t\t<span class=\"elementor-button-content-wrapper\">\n\t\t\t\t\t\t<span class=\"elementor-button-text\">Cliquez ici<\/span>\n\t\t<\/span>\n\t\t\t\t\t<\/a>\n\t\t<\/div>\n\t\t\t\t<\/div>\n\t\t\t\t<\/div>\n\t\t\t\t\t\t<\/div>\n\t\t\t\t\t<\/div>\n\t\t<\/div>\n\t\t\t\t<div class=\"elementor-column elementor-col-33 elementor-top-column elementor-element elementor-element-fc8a498\" data-id=\"fc8a498\" data-element_type=\"column\">\n\t\t\t<div class=\"elementor-column-wrap\">\n\t\t\t\t\t\t\t<div class=\"elementor-widget-wrap\">\n\t\t\t\t\t\t\t\t<\/div>\n\t\t\t\t\t<\/div>\n\t\t<\/div>\n\t\t\t\t<div class=\"elementor-column elementor-col-33 elementor-top-column elementor-element elementor-element-dcb4a67\" data-id=\"dcb4a67\" data-element_type=\"column\">\n\t\t\t<div class=\"elementor-column-wrap\">\n\t\t\t\t\t\t\t<div class=\"elementor-widget-wrap\">\n\t\t\t\t\t\t\t\t<\/div>\n\t\t\t\t\t<\/div>\n\t\t<\/div>\n\t\t\t\t\t\t\t\t<\/div>\n\t\t\t\t\t<\/div>\n\t\t<\/section>\n\t\t\t\t<section class=\"elementor-section elementor-top-section elementor-element elementor-element-6406d59 elementor-section-boxed elementor-section-height-default elementor-section-height-default\" data-id=\"6406d59\" data-element_type=\"section\" data-settings=\"{&quot;background_background&quot;:&quot;classic&quot;}\">\n\t\t\t\t\t\t<div class=\"elementor-container elementor-column-gap-default\">\n\t\t\t\t\t\t\t<div class=\"elementor-row\">\n\t\t\t\t\t<div class=\"elementor-column elementor-col-50 elementor-top-column elementor-element elementor-element-1d06387\" data-id=\"1d06387\" data-element_type=\"column\">\n\t\t\t<div class=\"elementor-column-wrap elementor-element-populated\">\n\t\t\t\t\t\t\t<div class=\"elementor-widget-wrap\">\n\t\t\t\t\t\t<div class=\"elementor-element elementor-element-1797100 elementor-widget elementor-widget-heading\" data-id=\"1797100\" data-element_type=\"widget\" data-widget_type=\"heading.default\">\n\t\t\t\t<div class=\"elementor-widget-container\">\n\t\t\t<h2 class=\"elementor-heading-title elementor-size-default\">IMP COORDO EPS: victoire!<\/h2>\t\t<\/div>\n\t\t\t\t<\/div>\n\t\t\t\t<div class=\"elementor-element elementor-element-b4b50e3 elementor-widget elementor-widget-text-editor\" data-id=\"b4b50e3\" data-element_type=\"widget\" data-widget_type=\"text-editor.default\">\n\t\t\t\t<div class=\"elementor-widget-container\">\n\t\t\t\t\t\t\t\t<div class=\"elementor-text-editor elementor-clearfix\">\n\t\t\t\t<p>Gr\u00e2ce \u00e0 une d\u00e9cision du tribunal de Bordeaux appuy\u00e9e par le SNEP FSU, les HSA comptent d\u00e9sormais dans le calcul de l&rsquo;attribution des IMP coordo EPS.<\/p>\n<p>Attention cela peut \u00eatre r\u00e9tro actif sur 4 ans. Le manque \u00e0 gagner peut \u00eatre important (4000\u20ac).<\/p>\n<p><strong>La proc\u00e9dure accompagn\u00e9e par le SNEP (service juridique) est r\u00e9serv\u00e9e aux syndiqu\u00e9s<\/strong><\/p>\t\t\t\t\t<\/div>\n\t\t\t\t\t\t<\/div>\n\t\t\t\t<\/div>\n\t\t\t\t\t\t<\/div>\n\t\t\t\t\t<\/div>\n\t\t<\/div>\n\t\t\t\t<div class=\"elementor-column elementor-col-50 elementor-top-column elementor-element elementor-element-fdb3130\" data-id=\"fdb3130\" data-element_type=\"column\">\n\t\t\t<div class=\"elementor-column-wrap elementor-element-populated\">\n\t\t\t\t\t\t\t<div class=\"elementor-widget-wrap\">\n\t\t\t\t\t\t<div class=\"elementor-element elementor-element-1d44806 elementor-widget elementor-widget-image\" data-id=\"1d44806\" data-element_type=\"widget\" data-widget_type=\"image.default\">\n\t\t\t\t<div class=\"elementor-widget-container\">\n\t\t\t\t\t\t\t\t<div class=\"elementor-image\">\n\t\t\t\t\t\t\t\t\t\t\t\t<img loading=\"lazy\" decoding=\"async\" width=\"201\" height=\"300\" src=\"https:\/\/www.snepfsu-aix.net\/aix\/wp-content\/uploads\/2025\/03\/imp-coordo-201x300.png\" class=\"attachment-medium size-medium\" alt=\"\" srcset=\"https:\/\/www.snepfsu-aix.net\/aix\/wp-content\/uploads\/2025\/03\/imp-coordo-201x300.png 201w, https:\/\/www.snepfsu-aix.net\/aix\/wp-content\/uploads\/2025\/03\/imp-coordo.png 329w\" sizes=\"auto, (max-width: 201px) 100vw, 201px\" \/>\t\t\t\t\t\t\t\t\t\t\t\t\t\t<\/div>\n\t\t\t\t\t\t<\/div>\n\t\t\t\t<\/div>\n\t\t\t\t<div class=\"elementor-element elementor-element-1895a31 elementor-align-center elementor-widget elementor-widget-button\" data-id=\"1895a31\" data-element_type=\"widget\" data-widget_type=\"button.default\">\n\t\t\t\t<div class=\"elementor-widget-container\">\n\t\t\t\t\t<div class=\"elementor-button-wrapper\">\n\t\t\t<a href=\"http:\/\/www.snepfsu-aix.net\/aix\/wp-content\/uploads\/2024\/11\/IMP-lettre-aux-coordonnatrices-et-coordonnateurs-APSA.pdf\" class=\"elementor-button-link elementor-button elementor-size-sm\" role=\"button\">\n\t\t\t\t\t\t<span class=\"elementor-button-content-wrapper\">\n\t\t\t\t\t\t<span class=\"elementor-button-text\">Cliquez ici<\/span>\n\t\t<\/span>\n\t\t\t\t\t<\/a>\n\t\t<\/div>\n\t\t\t\t<\/div>\n\t\t\t\t<\/div>\n\t\t\t\t\t\t<\/div>\n\t\t\t\t\t<\/div>\n\t\t<\/div>\n\t\t\t\t\t\t\t\t<\/div>\n\t\t\t\t\t<\/div>\n\t\t<\/section>\n\t\t\t\t<section class=\"elementor-section elementor-top-section elementor-element elementor-element-a8fa68e elementor-section-boxed elementor-section-height-default elementor-section-height-default\" data-id=\"a8fa68e\" data-element_type=\"section\">\n\t\t\t\t\t\t<div class=\"elementor-container elementor-column-gap-default\">\n\t\t\t\t\t\t\t<div class=\"elementor-row\">\n\t\t\t\t\t<div class=\"elementor-column elementor-col-100 elementor-top-column elementor-element elementor-element-ee4483d\" data-id=\"ee4483d\" data-element_type=\"column\">\n\t\t\t<div class=\"elementor-column-wrap elementor-element-populated\">\n\t\t\t\t\t\t\t<div class=\"elementor-widget-wrap\">\n\t\t\t\t\t\t<div class=\"elementor-element elementor-element-cbbe173 elementor-widget elementor-widget-spacer\" data-id=\"cbbe173\" data-element_type=\"widget\" data-widget_type=\"spacer.default\">\n\t\t\t\t<div class=\"elementor-widget-container\">\n\t\t\t\t\t<div class=\"elementor-spacer\">\n\t\t\t<div class=\"elementor-spacer-inner\"><\/div>\n\t\t<\/div>\n\t\t\t\t<\/div>\n\t\t\t\t<\/div>\n\t\t\t\t\t\t<\/div>\n\t\t\t\t\t<\/div>\n\t\t<\/div>\n\t\t\t\t\t\t\t\t<\/div>\n\t\t\t\t\t<\/div>\n\t\t<\/section>\n\t\t\t\t<section class=\"elementor-section elementor-top-section elementor-element elementor-element-f30c86a elementor-section-boxed elementor-section-height-default elementor-section-height-default\" data-id=\"f30c86a\" data-element_type=\"section\" data-settings=\"{&quot;background_background&quot;:&quot;gradient&quot;}\">\n\t\t\t\t\t\t<div class=\"elementor-container elementor-column-gap-default\">\n\t\t\t\t\t\t\t<div class=\"elementor-row\">\n\t\t\t\t\t<div class=\"elementor-column elementor-col-50 elementor-top-column elementor-element elementor-element-c210bef\" data-id=\"c210bef\" data-element_type=\"column\">\n\t\t\t<div class=\"elementor-column-wrap elementor-element-populated\">\n\t\t\t\t\t\t\t<div class=\"elementor-widget-wrap\">\n\t\t\t\t\t\t<div class=\"elementor-element elementor-element-e0e1273 elementor-widget elementor-widget-heading\" data-id=\"e0e1273\" data-element_type=\"widget\" data-widget_type=\"heading.default\">\n\t\t\t\t<div class=\"elementor-widget-container\">\n\t\t\t<h2 class=\"elementor-heading-title elementor-size-default\">Forfait mobilit\u00e9 durable 2024<\/h2>\t\t<\/div>\n\t\t\t\t<\/div>\n\t\t\t\t<div class=\"elementor-element elementor-element-38ecf1b elementor-widget elementor-widget-text-editor\" data-id=\"38ecf1b\" data-element_type=\"widget\" data-widget_type=\"text-editor.default\">\n\t\t\t\t<div class=\"elementor-widget-container\">\n\t\t\t\t\t\t\t\t<div class=\"elementor-text-editor elementor-clearfix\">\n\t\t\t\t<p>Le montant du forfait est proportionnel au nombre de d\u00e9placements domicile-travail r\u00e9alis\u00e9s par l\u2019agent au cours de l\u2019ann\u00e9e civile 2024. L\u2019ensemble des personnels (titulaires, stagiaires, contractuels).<br \/>Nouveaut\u00e9 2024 : dor\u00e9navant, les agents b\u00e9n\u00e9ficiant d\u2019un transport collectif gratuit entre le domicile et le lieu de travail peuvent b\u00e9n\u00e9ficier du FMD.\u00a0<\/p>\n<p><br \/>Ainsi, le montant annuel du FMD est fix\u00e9 \u00e0 :<\/p>\n<ul>\n<li>100 \u20ac lorsque le nombre de d\u00e9placements est compris entre 30 et 59 jours,<\/li>\n<li>200 \u20ac lorsque le nombre de d\u00e9placements est compris entre 60 et 99 jours,<\/li>\n<li>300 \u20ac lorsque le nombre de d\u00e9placements est d\u2019au moins 100 jours.<\/li>\n<\/ul>\n<p>La d\u00e9marche est d\u00e9mat\u00e9rialis\u00e9e sur la plateforme <a href=\"https:\/\/portail-aix-marseille.colibris.education.gouv.fr\/\">Colibris<\/a>.<\/p>\t\t\t\t\t<\/div>\n\t\t\t\t\t\t<\/div>\n\t\t\t\t<\/div>\n\t\t\t\t\t\t<\/div>\n\t\t\t\t\t<\/div>\n\t\t<\/div>\n\t\t\t\t<div class=\"elementor-column elementor-col-50 elementor-top-column elementor-element elementor-element-09518f0\" data-id=\"09518f0\" data-element_type=\"column\">\n\t\t\t<div class=\"elementor-column-wrap elementor-element-populated\">\n\t\t\t\t\t\t\t<div class=\"elementor-widget-wrap\">\n\t\t\t\t\t\t<div class=\"elementor-element elementor-element-9c9bb6e elementor-widget elementor-widget-image\" data-id=\"9c9bb6e\" data-element_type=\"widget\" data-widget_type=\"image.default\">\n\t\t\t\t<div class=\"elementor-widget-container\">\n\t\t\t\t\t\t\t\t<div class=\"elementor-image\">\n\t\t\t\t\t\t\t\t\t\t\t\t<img loading=\"lazy\" decoding=\"async\" width=\"500\" height=\"500\" src=\"https:\/\/www.snepfsu-aix.net\/aix\/wp-content\/uploads\/2021\/11\/Forfait-mobilite.png\" class=\"attachment-large size-large\" alt=\"\" srcset=\"https:\/\/www.snepfsu-aix.net\/aix\/wp-content\/uploads\/2021\/11\/Forfait-mobilite.png 500w, https:\/\/www.snepfsu-aix.net\/aix\/wp-content\/uploads\/2021\/11\/Forfait-mobilite-300x300.png 300w, https:\/\/www.snepfsu-aix.net\/aix\/wp-content\/uploads\/2021\/11\/Forfait-mobilite-150x150.png 150w\" sizes=\"auto, (max-width: 500px) 100vw, 500px\" \/>\t\t\t\t\t\t\t\t\t\t\t\t\t\t<\/div>\n\t\t\t\t\t\t<\/div>\n\t\t\t\t<\/div>\n\t\t\t\t<div class=\"elementor-element elementor-element-90dde97 elementor-widget elementor-widget-text-editor\" data-id=\"90dde97\" data-element_type=\"widget\" data-widget_type=\"text-editor.default\">\n\t\t\t\t<div class=\"elementor-widget-container\">\n\t\t\t\t\t\t\t\t<div class=\"elementor-text-editor elementor-clearfix\">\n\t\t\t\t<p><strong>Ouverture de la d\u00e9marche Colibris pour le d\u00e9p\u00f4t de la demande : du 1er d\u00e9cembre au 31 d\u00e9cembre 2024, d\u00e9lai<\/strong><\/p>\t\t\t\t\t<\/div>\n\t\t\t\t\t\t<\/div>\n\t\t\t\t<\/div>\n\t\t\t\t<div class=\"elementor-element elementor-element-219123a elementor-align-center elementor-widget elementor-widget-button\" data-id=\"219123a\" data-element_type=\"widget\" data-widget_type=\"button.default\">\n\t\t\t\t<div class=\"elementor-widget-container\">\n\t\t\t\t\t<div class=\"elementor-button-wrapper\">\n\t\t\t<a href=\"http:\/\/www.snepfsu-aix.net\/aix\/wp-content\/uploads\/2024\/11\/FORFAIT-MOBILITE.pdf\" class=\"elementor-button-link elementor-button elementor-size-sm\" role=\"button\">\n\t\t\t\t\t\t<span class=\"elementor-button-content-wrapper\">\n\t\t\t\t\t\t<span class=\"elementor-button-text\">Bulletin acad\u00e9mique<\/span>\n\t\t<\/span>\n\t\t\t\t\t<\/a>\n\t\t<\/div>\n\t\t\t\t<\/div>\n\t\t\t\t<\/div>\n\t\t\t\t\t\t<\/div>\n\t\t\t\t\t<\/div>\n\t\t<\/div>\n\t\t\t\t\t\t\t\t<\/div>\n\t\t\t\t\t<\/div>\n\t\t<\/section>\n\t\t\t\t<section class=\"elementor-section elementor-top-section elementor-element elementor-element-f29de34 elementor-section-boxed elementor-section-height-default elementor-section-height-default\" data-id=\"f29de34\" data-element_type=\"section\">\n\t\t\t\t\t\t<div class=\"elementor-container elementor-column-gap-default\">\n\t\t\t\t\t\t\t<div class=\"elementor-row\">\n\t\t\t\t\t<div class=\"elementor-column elementor-col-100 elementor-top-column elementor-element elementor-element-11801dd\" data-id=\"11801dd\" data-element_type=\"column\">\n\t\t\t<div class=\"elementor-column-wrap elementor-element-populated\">\n\t\t\t\t\t\t\t<div class=\"elementor-widget-wrap\">\n\t\t\t\t\t\t<div class=\"elementor-element elementor-element-3442748 elementor-widget elementor-widget-heading\" data-id=\"3442748\" data-element_type=\"widget\" data-widget_type=\"heading.default\">\n\t\t\t\t<div class=\"elementor-widget-container\">\n\t\t\t<h2 class=\"elementor-heading-title elementor-size-default\">Indemnit\u00e9s transport<\/h2>\t\t<\/div>\n\t\t\t\t<\/div>\n\t\t\t\t\t\t<\/div>\n\t\t\t\t\t<\/div>\n\t\t<\/div>\n\t\t\t\t\t\t\t\t<\/div>\n\t\t\t\t\t<\/div>\n\t\t<\/section>\n\t\t\t\t<section class=\"elementor-section elementor-top-section elementor-element elementor-element-40d4bbe elementor-section-boxed elementor-section-height-default elementor-section-height-default\" data-id=\"40d4bbe\" data-element_type=\"section\">\n\t\t\t\t\t\t<div class=\"elementor-container elementor-column-gap-default\">\n\t\t\t\t\t\t\t<div class=\"elementor-row\">\n\t\t\t\t\t<div class=\"elementor-column elementor-col-100 elementor-top-column elementor-element elementor-element-a9e09a3\" data-id=\"a9e09a3\" data-element_type=\"column\">\n\t\t\t<div class=\"elementor-column-wrap elementor-element-populated\">\n\t\t\t\t\t\t\t<div class=\"elementor-widget-wrap\">\n\t\t\t\t\t\t<div class=\"elementor-element elementor-element-291ca6f elementor-widget elementor-widget-text-editor\" data-id=\"291ca6f\" data-element_type=\"widget\" data-widget_type=\"text-editor.default\">\n\t\t\t\t<div class=\"elementor-widget-container\">\n\t\t\t\t\t\t\t\t<div class=\"elementor-text-editor elementor-clearfix\">\n\t\t\t\t<p>\u2022La participation partielle \u00e0 l\u2019achat des titres de transport collectif.<br \/>Depuis le 1er septembre 2023, cette prise en charge est de <b>75% de la valeur annuelle mensualis\u00e9e<\/b> du titre de transport.<\/p>\t\t\t\t\t<\/div>\n\t\t\t\t\t\t<\/div>\n\t\t\t\t<\/div>\n\t\t\t\t\t\t<\/div>\n\t\t\t\t\t<\/div>\n\t\t<\/div>\n\t\t\t\t\t\t\t\t<\/div>\n\t\t\t\t\t<\/div>\n\t\t<\/section>\n\t\t\t\t<section class=\"elementor-section elementor-top-section elementor-element elementor-element-7b6a5e6d elementor-section-content-middle elementor-section-boxed elementor-section-height-default elementor-section-height-default\" data-id=\"7b6a5e6d\" data-element_type=\"section\">\n\t\t\t\t\t\t<div class=\"elementor-container elementor-column-gap-no\">\n\t\t\t\t\t\t\t<div class=\"elementor-row\">\n\t\t\t\t\t<div class=\"elementor-column elementor-col-100 elementor-top-column elementor-element elementor-element-670f3a76\" data-id=\"670f3a76\" data-element_type=\"column\">\n\t\t\t<div class=\"elementor-column-wrap elementor-element-populated\">\n\t\t\t\t\t\t\t<div class=\"elementor-widget-wrap\">\n\t\t\t\t\t\t<section class=\"elementor-section elementor-inner-section elementor-element elementor-element-2e717f90 elementor-section-content-middle elementor-section-boxed elementor-section-height-default elementor-section-height-default\" data-id=\"2e717f90\" data-element_type=\"section\" data-settings=\"{&quot;background_background&quot;:&quot;classic&quot;}\">\n\t\t\t\t\t\t<div class=\"elementor-container elementor-column-gap-no\">\n\t\t\t\t\t\t\t<div class=\"elementor-row\">\n\t\t\t\t\t<div class=\"elementor-column elementor-col-100 elementor-inner-column elementor-element elementor-element-c3a0d82\" data-id=\"c3a0d82\" data-element_type=\"column\">\n\t\t\t<div class=\"elementor-column-wrap elementor-element-populated\">\n\t\t\t\t\t\t\t<div class=\"elementor-widget-wrap\">\n\t\t\t\t\t\t<div class=\"elementor-element elementor-element-155cd627 elementor-widget elementor-widget-heading\" data-id=\"155cd627\" data-element_type=\"widget\" data-widget_type=\"heading.default\">\n\t\t\t\t<div class=\"elementor-widget-container\">\n\t\t\t<h3 class=\"elementor-heading-title elementor-size-default\">Connaissez-vous le SRIAS? Le \"CE des fonctionnaires.<\/h3>\t\t<\/div>\n\t\t\t\t<\/div>\n\t\t\t\t<div class=\"elementor-element elementor-element-846bb88 elementor-widget elementor-widget-image\" data-id=\"846bb88\" data-element_type=\"widget\" data-widget_type=\"image.default\">\n\t\t\t\t<div class=\"elementor-widget-container\">\n\t\t\t\t\t\t\t\t<div class=\"elementor-image\">\n\t\t\t\t\t\t\t\t\t\t\t\t\t<a href=\"https:\/\/fsu.fr\/wp-content\/uploads\/2020\/05\/GUIDE-Action-Sociale-Interministerielle-2020.pdf\">\n\t\t\t\t\t\t\t<img loading=\"lazy\" decoding=\"async\" width=\"150\" height=\"150\" src=\"https:\/\/www.snepfsu-aix.net\/aix\/wp-content\/uploads\/2020\/12\/GUIDE-Action-Sociale-Interministerielle-2020-1-212x300-1-150x150.jpg\" class=\"attachment-thumbnail size-thumbnail\" alt=\"\" \/>\t\t\t\t\t\t\t\t<\/a>\n\t\t\t\t\t\t\t\t\t\t\t\t\t\t<\/div>\n\t\t\t\t\t\t<\/div>\n\t\t\t\t<\/div>\n\t\t\t\t<div class=\"elementor-element elementor-element-832f6bb elementor-widget elementor-widget-text-editor\" data-id=\"832f6bb\" data-element_type=\"widget\" data-widget_type=\"text-editor.default\">\n\t\t\t\t<div class=\"elementor-widget-container\">\n\t\t\t\t\t\t\t\t<div class=\"elementor-text-editor elementor-clearfix\">\n\t\t\t\t<p>La FSU met \u00e0 disposition ce vade-mecum complet (cliquez sur l&rsquo;image) de l\u2019action sociale interminist\u00e9rielle . Il pr\u00e9sente et d\u00e9taille toutes les prestations d\u2019action sociale interminist\u00e9rielles dans la Fonction Publique d\u2019Etat avec les derniers taux actualis\u00e9s.<\/p>\n<p><strong>Aides pour les cr\u00e8ches, spectacles, vacances, &#8230;<\/strong><\/p>\n<p>\u00a0<\/p>\t\t\t\t\t<\/div>\n\t\t\t\t\t\t<\/div>\n\t\t\t\t<\/div>\n\t\t\t\t<div class=\"elementor-element elementor-element-ee72e2a elementor-align-center elementor-widget elementor-widget-button\" data-id=\"ee72e2a\" data-element_type=\"widget\" data-widget_type=\"button.default\">\n\t\t\t\t<div class=\"elementor-widget-container\">\n\t\t\t\t\t<div class=\"elementor-button-wrapper\">\n\t\t\t<a href=\"http:\/\/www.srias.paca.gouv.fr\/\" class=\"elementor-button-link elementor-button elementor-size-sm\" role=\"button\">\n\t\t\t\t\t\t<span class=\"elementor-button-content-wrapper\">\n\t\t\t\t\t\t<span class=\"elementor-button-text\">Site du SRIAS PACA<\/span>\n\t\t<\/span>\n\t\t\t\t\t<\/a>\n\t\t<\/div>\n\t\t\t\t<\/div>\n\t\t\t\t<\/div>\n\t\t\t\t\t\t<\/div>\n\t\t\t\t\t<\/div>\n\t\t<\/div>\n\t\t\t\t\t\t\t\t<\/div>\n\t\t\t\t\t<\/div>\n\t\t<\/section>\n\t\t\t\t\t\t<\/div>\n\t\t\t\t\t<\/div>\n\t\t<\/div>\n\t\t\t\t\t\t\t\t<\/div>\n\t\t\t\t\t<\/div>\n\t\t<\/section>\n\t\t\t\t\t\t<\/div>\n\t\t\t\t\t\t<\/div>\n\t\t\t\t\t<\/div>\n\t\t","protected":false},"excerpt":{"rendered":"<p>Frais de d\u00e9placement Modalit\u00e9s de prise en charge des frais de d\u00e9placement des personnels :en situation de service partag\u00e9 \/<\/p>\n","protected":false},"author":2,"featured_media":0,"parent":2299,"menu_order":0,"comment_status":"closed","ping_status":"closed","template":"","meta":{"footnotes":""},"class_list":["post-2789","page","type-page","status-publish","hentry"],"_links":{"self":[{"href":"https:\/\/www.snepfsu-aix.net\/aix\/wp-json\/wp\/v2\/pages\/2789","targetHints":{"allow":["GET"]}}],"collection":[{"href":"https:\/\/www.snepfsu-aix.net\/aix\/wp-json\/wp\/v2\/pages"}],"about":[{"href":"https:\/\/www.snepfsu-aix.net\/aix\/wp-json\/wp\/v2\/types\/page"}],"author":[{"embeddable":true,"href":"https:\/\/www.snepfsu-aix.net\/aix\/wp-json\/wp\/v2\/users\/2"}],"replies":[{"embeddable":true,"href":"https:\/\/www.snepfsu-aix.net\/aix\/wp-json\/wp\/v2\/comments?post=2789"}],"version-history":[{"count":56,"href":"https:\/\/www.snepfsu-aix.net\/aix\/wp-json\/wp\/v2\/pages\/2789\/revisions"}],"predecessor-version":[{"id":10694,"href":"https:\/\/www.snepfsu-aix.net\/aix\/wp-json\/wp\/v2\/pages\/2789\/revisions\/10694"}],"up":[{"embeddable":true,"href":"https:\/\/www.snepfsu-aix.net\/aix\/wp-json\/wp\/v2\/pages\/2299"}],"wp:attachment":[{"href":"https:\/\/www.snepfsu-aix.net\/aix\/wp-json\/wp\/v2\/media?parent=2789"}],"curies":[{"name":"wp","href":"https:\/\/api.w.org\/{rel}","templated":true}]}}